{"id":133,"date":"2019-05-16T18:11:36","date_gmt":"2019-05-16T16:11:36","guid":{"rendered":"http:\/\/samaniego.pixelm.io\/?page_id=133"},"modified":"2025-09-12T09:10:59","modified_gmt":"2025-09-12T07:10:59","slug":"historia","status":"publish","type":"page","link":"https:\/\/samaniego.org\/eu\/el-coro\/historia\/","title":{"rendered":"Historia"},"content":{"rendered":"<div data-elementor-type=\"wp-post\" data-elementor-id=\"133\" class=\"elementor elementor-133\" data-elementor-post-type=\"page\">\n\t\t\t\t\t\t<section class=\"elementor-section elementor-top-section elementor-element elementor-element-259b621a elementor-section-content-middle elementor-section-boxed elementor-section-height-default elementor-section-height-default\" data-id=\"259b621a\" data-element_type=\"section\">\n\t\t\t\t\t\t<div class=\"elementor-container elementor-column-gap-no\">\n\t\t\t\t\t<div class=\"elementor-column elementor-col-100 elementor-top-column elementor-element elementor-element-738eeae5\" data-id=\"738eeae5\" data-element_type=\"column\">\n\t\t\t<div class=\"elementor-widget-wrap elementor-element-populated\">\n\t\t\t\t\t\t<div class=\"elementor-element elementor-element-67c5d9c1 uael-heading-align-center elementor-widget elementor-widget-uael-advanced-heading\" data-id=\"67c5d9c1\" data-element_type=\"widget\" data-widget_type=\"uael-advanced-heading.default\">\n\t\t\t\t<div class=\"elementor-widget-container\">\n\t\t\t\t\t\n\t\t<div class=\"uael-module-content uael-heading-wrapper\">\n\t\t\t\t\t\t\n\t\t\t<h2 class=\"uael-heading\">\n\t\t\t\t\t\t\t\t\t\t<span class=\"uael-heading-text elementor-inline-editing uael-size--default\" data-elementor-setting-key=\"heading_title\" data-elementor-inline-editing-toolbar=\"basic\">Samaniego Abesbatzaren Aurkezpena<\/span>\n\t\t\t\t\t\t\t<\/h2>\n\n\t\t\t\n\t\t\t\t\t\t<div class=\"uael-module-content uael-separator-parent\">\n\t\t\t\t\t\t\t\t<div class=\"uael-separator-wrap\">\n\t\t\t\t\t<div class=\"uael-separator-line uael-side-left\">\n\t\t\t\t\t\t<span><\/span>\n\t\t\t\t\t<\/div>\n\t\t\t\t\t<div class=\"uael-divider-content\">\n\t\t\t\t\t\t\t\t\t<div class=\"uael-module-content uael-imgicon-wrap elementor-animation-\">\t\t\t\t\t\t\t\t\n\t\t\t\t\t\t\t\t\t\t\t\t\t<div class=\"uael-image\" itemscope itemtype=\"http:\/\/schema.org\/ImageObject\">\n\t\t\t\t\t\t<div class=\"uael-image-content\">\n\t\t\t\t\t\t\t<img decoding=\"async\" class=\"uael-photo-img\" src=\"https:\/\/samaniego.org\/wp-content\/uploads\/2023\/03\/sol.png\" alt=\"sol\">\t\t\t\t\t\t<\/div>\n\t\t\t\t\t<\/div>\n\t\t\t\t\t\t\t<\/div>\n\t\t\t\t\t\t\t\t\t\n\t\t\t\t\t<\/div>\n\t\t\t\t\t<div class=\"uael-separator-line uael-side-right\">\n\t\t\t\t\t\t<span><\/span>\n\t\t\t\t\t<\/div>\n\t\t\t\t<\/div>\n\t\t\t\t\t\t\t\t\t\t<\/div>\n\t\t\t\n\t\t\t\n\t\t\t\t\t\t<\/div>\n\t\t\t\t\t\t<\/div>\n\t\t\t\t<\/div>\n\t\t\t\t\t<\/div>\n\t\t<\/div>\n\t\t\t\t\t<\/div>\n\t\t<\/section>\n\t\t\t\t<section class=\"elementor-section elementor-top-section elementor-element elementor-element-0a4c701 elementor-section-boxed elementor-section-height-default elementor-section-height-default\" data-id=\"0a4c701\" data-element_type=\"section\">\n\t\t\t\t\t\t<div class=\"elementor-container elementor-column-gap-default\">\n\t\t\t\t\t<div class=\"elementor-column elementor-col-100 elementor-top-column elementor-element elementor-element-3d06d94\" data-id=\"3d06d94\" data-element_type=\"column\">\n\t\t\t<div class=\"elementor-widget-wrap elementor-element-populated\">\n\t\t\t\t\t\t<div class=\"elementor-element elementor-element-9abe511 elementor-widget elementor-widget-text-editor\" data-id=\"9abe511\" data-element_type=\"widget\" data-widget_type=\"text-editor.default\">\n\t\t\t\t<div class=\"elementor-widget-container\">\n\t\t\t\t\t\t\t\t\t<p class=\"translation-block\">Samaniego abesbatza 1977an sortu zen, Antton Leteren eskutik, Gasteizko Samaniego Ikastetxearen  apustu musikal eta koralaren barne.<\/p><p class=\"translation-block\">Gaur egun, 40 kidek osatzen dute abesbatza, Nagore Alanguaren zuzendaritzapean; honek, 2014ko irailean Arturo Goikoechea ordezkatu zuen, eta honek, berriz, 2009an Aitor S\u00e1ez de Cort\u00e1zar.<\/p>\t\t\t\t\t\t\t\t<\/div>\n\t\t\t\t<\/div>\n\t\t\t\t<div class=\"elementor-element elementor-element-49cbf29 elementor-widget elementor-widget-image\" data-id=\"49cbf29\" data-element_type=\"widget\" data-widget_type=\"image.default\">\n\t\t\t\t<div class=\"elementor-widget-container\">\n\t\t\t\t\t\t\t\t\t\t\t\t\t\t\t<img decoding=\"async\" src=\"http:\/\/samaniego.pixelm.io\/wp-content\/uploads\/2019\/05\/AVP_0061_ret.jpg\" title=\"\" alt=\"\" loading=\"lazy\" \/>\t\t\t\t\t\t\t\t\t\t\t\t\t\t\t<\/div>\n\t\t\t\t<\/div>\n\t\t\t\t<div class=\"elementor-element elementor-element-5d94e9f elementor-widget elementor-widget-text-editor\" data-id=\"5d94e9f\" data-element_type=\"widget\" data-widget_type=\"text-editor.default\">\n\t\t\t\t<div class=\"elementor-widget-container\">\n\t\t\t\t\t\t\t\t\t<p class=\"translation-block\"><p>Urte hauetan zehar, taldeak bere errepertorioan ia garai eta estilo guztietako obrak abestu ditu, Kantu Gregorianotik, XXI. mendeko musikaraino, eremu sinfoniko koralean ere sartu-irtenak eginez, Carl Orffen Carmina Burana, Mozarten El Requiem, H\u00e4ndelen Hallelujah, Beethovenen sinfoniak, etab.<\/p>\n\n<p>Aipatzekoak dira, halaber, Donizettiren L 'elisir d' amore operan parte hartu izana eta hainbat musika-talderekin (Gasteizko Udal Musika Banda, Euskadiko Orkestra Sinfonikoa, Gasteizko Camerata Ganbera Orkestra) izandako lankidetza kontaezinak.<\/p><\/p><p class=\"translation-block\">Urte hauetan zehar garatu duen diskografia anitza da. Lehen diskoa \"Del solar alav\u00e9s\" izan zen; horren ondoren, Luis Aranbururen obrak eta Sabin Salaberrirenak jasotzen zituzten lanak egin zituzten; Tomas San Miguelen Ten eta Lezao, Gasteizko Seminarioko elizbarrutiko lan diskografikoa \u2026<\/p>\t\t\t\t\t\t\t\t<\/div>\n\t\t\t\t<\/div>\n\t\t\t\t<div class=\"elementor-element elementor-element-78085d7 elementor-widget elementor-widget-text-editor\" data-id=\"78085d7\" data-element_type=\"widget\" data-widget_type=\"text-editor.default\">\n\t\t\t\t<div class=\"elementor-widget-container\">\n\t\t\t\t\t\t\t\t\t<p class=\"translation-block\">Hiriko ekitaldirik esanguratsuenetan parte hartu du, hala nola Gasteizko jaietako pregoietan, Gabonetan, Urrezko Zeledonetan, Gasteizko guduaren mendeurrenean \u2026 Era berean, folklorea eta, bereziki, Euskal Herrikoa, interes bereziarekin lantzen du abesbatzak.<\/p><p class=\"translation-block\">Sorrerako lehen urteetan, Euskadi hainbat aldiz ordezkatu zuen Cuencan eta Salamancan egin ziren gazteentzako polifonia-topaketetan. 500 kontzertu baino gehiago eman zituen, bai Euskal Herrian, bai Estatuko gainerako herrialdeetan, eta emanaldiak egin ditu Frantzian, Belgikan, Suitzan, Italian, Portugalen, Alemanian, Hungarian, Txekiar Errepublikan \u2026<\/p><p class=\"translation-block\">Gure 50. urteurrenera hurbilduz, abesbatzen musika ahalik eta gehien zabaltzen eta gozatzen jarraitu nahi dugu, eta, horrela, jendea eta kantariak aberasten saiatu nahi ditugu, egunero, Arabako eta Euskal Herriko abesbatza-musikaren esparruan erreferente izaten saiatuz.<\/p>\t\t\t\t\t\t\t\t<\/div>\n\t\t\t\t<\/div>\n\t\t\t\t\t<\/div>\n\t\t<\/div>\n\t\t\t\t\t<\/div>\n\t\t<\/section>\n\t\t\t\t<section class=\"elementor-section elementor-top-section elementor-element elementor-element-5e7f04b elementor-section-content-middle elementor-section-boxed elementor-section-height-default elementor-section-height-default\" data-id=\"5e7f04b\" data-element_type=\"section\">\n\t\t\t\t\t\t<div class=\"elementor-container elementor-column-gap-no\">\n\t\t\t\t\t<div class=\"elementor-column elementor-col-100 elementor-top-column elementor-element elementor-element-3022ac1\" data-id=\"3022ac1\" data-element_type=\"column\">\n\t\t\t<div class=\"elementor-widget-wrap elementor-element-populated\">\n\t\t\t\t\t\t<div class=\"elementor-element elementor-element-1e40c2e uael-heading-align-center elementor-widget elementor-widget-uael-advanced-heading\" data-id=\"1e40c2e\" data-element_type=\"widget\" data-widget_type=\"uael-advanced-heading.default\">\n\t\t\t\t<div class=\"elementor-widget-container\">\n\t\t\t\t\t\n\t\t<div class=\"uael-module-content uael-heading-wrapper\">\n\t\t\t\t\t\t\n\t\t\t<h2 class=\"uael-heading\">\n\t\t\t\t\t\t\t\t\t\t<span class=\"uael-heading-text elementor-inline-editing uael-size--default\" data-elementor-setting-key=\"heading_title\" data-elementor-inline-editing-toolbar=\"basic\">Grabazioak<\/span>\n\t\t\t\t\t\t\t<\/h2>\n\n\t\t\t\n\t\t\t\t\t\t<div class=\"uael-module-content uael-separator-parent\">\n\t\t\t\t\t\t\t\t<div class=\"uael-separator-wrap\">\n\t\t\t\t\t<div class=\"uael-separator-line uael-side-left\">\n\t\t\t\t\t\t<span><\/span>\n\t\t\t\t\t<\/div>\n\t\t\t\t\t<div class=\"uael-divider-content\">\n\t\t\t\t\t\t\t\t\t<div class=\"uael-module-content uael-imgicon-wrap elementor-animation-\">\t\t\t\t\t\t\t\t\n\t\t\t\t\t\t\t\t\t\t\t\t\t<div class=\"uael-image\" itemscope itemtype=\"http:\/\/schema.org\/ImageObject\">\n\t\t\t\t\t\t<div class=\"uael-image-content\">\n\t\t\t\t\t\t\t<img decoding=\"async\" class=\"uael-photo-img\" src=\"https:\/\/samaniego.org\/wp-content\/uploads\/2019\/05\/sol.png\" alt=\"\">\t\t\t\t\t\t<\/div>\n\t\t\t\t\t<\/div>\n\t\t\t\t\t\t\t<\/div>\n\t\t\t\t\t\t\t\t\t\n\t\t\t\t\t<\/div>\n\t\t\t\t\t<div class=\"uael-separator-line uael-side-right\">\n\t\t\t\t\t\t<span><\/span>\n\t\t\t\t\t<\/div>\n\t\t\t\t<\/div>\n\t\t\t\t\t\t\t\t\t\t<\/div>\n\t\t\t\n\t\t\t\n\t\t\t\t\t\t<\/div>\n\t\t\t\t\t\t<\/div>\n\t\t\t\t<\/div>\n\t\t\t\t\t<\/div>\n\t\t<\/div>\n\t\t\t\t\t<\/div>\n\t\t<\/section>\n\t\t\t\t<section class=\"elementor-section elementor-top-section elementor-element elementor-element-2f021fa elementor-section-boxed elementor-section-height-default elementor-section-height-default\" data-id=\"2f021fa\" data-element_type=\"section\">\n\t\t\t\t\t\t<div class=\"elementor-container elementor-column-gap-default\">\n\t\t\t\t\t<div class=\"elementor-column elementor-col-100 elementor-top-column elementor-element elementor-element-57166d9\" data-id=\"57166d9\" data-element_type=\"column\">\n\t\t\t<div class=\"elementor-widget-wrap elementor-element-populated\">\n\t\t\t\t\t\t<div class=\"elementor-element elementor-element-c86a880 elementor-align-center elementor-icon-list--layout-traditional elementor-list-item-link-full_width elementor-widget elementor-widget-icon-list\" data-id=\"c86a880\" data-element_type=\"widget\" data-widget_type=\"icon-list.default\">\n\t\t\t\t<div class=\"elementor-widget-container\">\n\t\t\t\t\t\t\t<ul class=\"elementor-icon-list-items\">\n\t\t\t\t\t\t\t<li class=\"elementor-icon-list-item\">\n\t\t\t\t\t\t\t\t\t\t\t<span class=\"elementor-icon-list-icon\">\n\t\t\t\t\t\t\t\t\t\t\t\t\t\t\t\t<i class=\"fa fa-music\" aria-hidden=\"true\"><\/i>\n\t\t\t\t\t\t\t\t\t\t\t\t\t<\/span>\n\t\t\t\t\t\t\t\t\t\t<span class=\"elementor-icon-list-text\">Araba Koruarekin batera, Sabin Salaberriren obren antologia. <\/span>\n\t\t\t\t\t\t\t\t\t<\/li>\n\t\t\t\t\t\t\t\t<li class=\"elementor-icon-list-item\">\n\t\t\t\t\t\t\t\t\t\t\t<span class=\"elementor-icon-list-icon\">\n\t\t\t\t\t\t\t\t\t\t\t\t\t\t\t\t<i class=\"fa fa-music\" aria-hidden=\"true\"><\/i>\n\t\t\t\t\t\t\t\t\t\t\t\t\t<\/span>\n\t\t\t\t\t\t\t\t\t\t<span class=\"elementor-icon-list-text\">Tomas San Miguelen Txalaparta eta Ten diskoetan kolaboratu du, eta, besteak beste, Madrilen, Bilbon (Guggenheim), Iru\u00f1ean, Gasteizen eta Kanarietan egin ditu haien aurkezpenak. <\/span>\n\t\t\t\t\t\t\t\t\t<\/li>\n\t\t\t\t\t\t\t\t<li class=\"elementor-icon-list-item\">\n\t\t\t\t\t\t\t\t\t\t\t<span class=\"elementor-icon-list-icon\">\n\t\t\t\t\t\t\t\t\t\t\t\t\t\t\t\t<i class=\"fa fa-music\" aria-hidden=\"true\"><\/i>\n\t\t\t\t\t\t\t\t\t\t\t\t\t<\/span>\n\t\t\t\t\t\t\t\t\t\t<span class=\"elementor-icon-list-text\">Karra Elejalderen \u201cA\u00f1o Mariano\u201d filmaren soinu-bandaren kolaborazioa. <\/span>\n\t\t\t\t\t\t\t\t\t<\/li>\n\t\t\t\t\t\t\t\t<li class=\"elementor-icon-list-item\">\n\t\t\t\t\t\t\t\t\t\t\t<span class=\"elementor-icon-list-icon\">\n\t\t\t\t\t\t\t\t\t\t\t\t\t\t\t\t<i class=\"fa fa-music\" aria-hidden=\"true\"><\/i>\n\t\t\t\t\t\t\t\t\t\t\t\t\t<\/span>\n\t\t\t\t\t\t\t\t\t\t<span class=\"elementor-icon-list-text\">Gasteizko Udal Bandarekin batera, Luis Aranbururen obren aukeraketa. <\/span>\n\t\t\t\t\t\t\t\t\t<\/li>\n\t\t\t\t\t\t\t\t<li class=\"elementor-icon-list-item\">\n\t\t\t\t\t\t\t\t\t\t\t<span class=\"elementor-icon-list-icon\">\n\t\t\t\t\t\t\t\t\t\t\t\t\t\t\t\t<i class=\"fa fa-music\" aria-hidden=\"true\"><\/i>\n\t\t\t\t\t\t\t\t\t\t\t\t\t<\/span>\n\t\t\t\t\t\t\t\t\t\t<span class=\"elementor-icon-list-text\">1930-2005 Elizbarrutiko Seminariumaren 75. urteurrena (in Organo et Choro).<\/span>\n\t\t\t\t\t\t\t\t\t<\/li>\n\t\t\t\t\t\t\t\t<li class=\"elementor-icon-list-item\">\n\t\t\t\t\t\t\t\t\t\t\t<span class=\"elementor-icon-list-icon\">\n\t\t\t\t\t\t\t\t\t\t\t\t\t\t\t\t<i class=\"fa fa-music\" aria-hidden=\"true\"><\/i>\n\t\t\t\t\t\t\t\t\t\t\t\t\t<\/span>\n\t\t\t\t\t\t\t\t\t\t<span class=\"elementor-icon-list-text\">Gasteizko Udal bandarekin batera, Joselu Anaien \"badator Zeledon\". <\/span>\n\t\t\t\t\t\t\t\t\t<\/li>\n\t\t\t\t\t\t<\/ul>\n\t\t\t\t\t\t<\/div>\n\t\t\t\t<\/div>\n\t\t\t\t\t<\/div>\n\t\t<\/div>\n\t\t\t\t\t<\/div>\n\t\t<\/section>\n\t\t\t\t<section class=\"elementor-section elementor-top-section elementor-element elementor-element-a345b92 elementor-section-content-middle elementor-section-boxed elementor-section-height-default elementor-section-height-default\" data-id=\"a345b92\" data-element_type=\"section\">\n\t\t\t\t\t\t<div class=\"elementor-container elementor-column-gap-no\">\n\t\t\t\t\t<div class=\"elementor-column elementor-col-100 elementor-top-column elementor-element elementor-element-87aea76\" data-id=\"87aea76\" data-element_type=\"column\">\n\t\t\t<div class=\"elementor-widget-wrap elementor-element-populated\">\n\t\t\t\t\t\t<div class=\"elementor-element elementor-element-8c0f3d5 uael-heading-align-center elementor-widget elementor-widget-uael-advanced-heading\" data-id=\"8c0f3d5\" data-element_type=\"widget\" data-widget_type=\"uael-advanced-heading.default\">\n\t\t\t\t<div class=\"elementor-widget-container\">\n\t\t\t\t\t\n\t\t<div class=\"uael-module-content uael-heading-wrapper\">\n\t\t\t\t\t\t\n\t\t\t<h2 class=\"uael-heading\">\n\t\t\t\t\t\t\t\t\t\t<span class=\"uael-heading-text elementor-inline-editing uael-size--default\" data-elementor-setting-key=\"heading_title\" data-elementor-inline-editing-toolbar=\"basic\">Azken kontzertuak<\/span>\n\t\t\t\t\t\t\t<\/h2>\n\n\t\t\t\n\t\t\t\t\t\t<div class=\"uael-module-content uael-separator-parent\">\n\t\t\t\t\t\t\t\t<div class=\"uael-separator-wrap\">\n\t\t\t\t\t<div class=\"uael-separator-line uael-side-left\">\n\t\t\t\t\t\t<span><\/span>\n\t\t\t\t\t<\/div>\n\t\t\t\t\t<div class=\"uael-divider-content\">\n\t\t\t\t\t\t\t\t\t<div class=\"uael-module-content uael-imgicon-wrap elementor-animation-\">\t\t\t\t\t\t\t\t\n\t\t\t\t\t\t\t\t\t\t\t\t\t<div class=\"uael-image\" itemscope itemtype=\"http:\/\/schema.org\/ImageObject\">\n\t\t\t\t\t\t<div class=\"uael-image-content\">\n\t\t\t\t\t\t\t<img decoding=\"async\" class=\"uael-photo-img\" src=\"https:\/\/samaniego.org\/wp-content\/uploads\/2023\/03\/sol.png\" alt=\"sol\">\t\t\t\t\t\t<\/div>\n\t\t\t\t\t<\/div>\n\t\t\t\t\t\t\t<\/div>\n\t\t\t\t\t\t\t\t\t\n\t\t\t\t\t<\/div>\n\t\t\t\t\t<div class=\"uael-separator-line uael-side-right\">\n\t\t\t\t\t\t<span><\/span>\n\t\t\t\t\t<\/div>\n\t\t\t\t<\/div>\n\t\t\t\t\t\t\t\t\t\t<\/div>\n\t\t\t\n\t\t\t\n\t\t\t\t\t\t<\/div>\n\t\t\t\t\t\t<\/div>\n\t\t\t\t<\/div>\n\t\t\t\t\t<\/div>\n\t\t<\/div>\n\t\t\t\t\t<\/div>\n\t\t<\/section>\n\t\t\t\t<section class=\"elementor-section elementor-top-section elementor-element elementor-element-29a7301 elementor-section-boxed elementor-section-height-default elementor-section-height-default\" data-id=\"29a7301\" data-element_type=\"section\">\n\t\t\t\t\t\t<div class=\"elementor-container elementor-column-gap-default\">\n\t\t\t\t\t<div class=\"elementor-column elementor-col-100 elementor-top-column elementor-element elementor-element-9811373\" data-id=\"9811373\" data-element_type=\"column\">\n\t\t\t<div class=\"elementor-widget-wrap elementor-element-populated\">\n\t\t\t\t\t\t<div class=\"elementor-element elementor-element-45a403e uael-img-grid__column-3 uael-img-grid-tablet__column-3 uael-img-grid-mobile__column-2 uael-ins-normal elementor-widget elementor-widget-uael-image-gallery\" data-id=\"45a403e\" data-element_type=\"widget\" data-settings=\"{&quot;gallery_columns&quot;:&quot;3&quot;,&quot;column_gap&quot;:{&quot;unit&quot;:&quot;px&quot;,&quot;size&quot;:30,&quot;sizes&quot;:[]},&quot;row_gap&quot;:{&quot;unit&quot;:&quot;px&quot;,&quot;size&quot;:30,&quot;sizes&quot;:[]},&quot;gallery_columns_tablet&quot;:&quot;3&quot;,&quot;gallery_columns_mobile&quot;:&quot;2&quot;,&quot;column_gap_tablet&quot;:{&quot;unit&quot;:&quot;px&quot;,&quot;size&quot;:&quot;&quot;,&quot;sizes&quot;:[]},&quot;column_gap_mobile&quot;:{&quot;unit&quot;:&quot;px&quot;,&quot;size&quot;:&quot;&quot;,&quot;sizes&quot;:[]},&quot;row_gap_tablet&quot;:{&quot;unit&quot;:&quot;px&quot;,&quot;size&quot;:&quot;&quot;,&quot;sizes&quot;:[]},&quot;row_gap_mobile&quot;:{&quot;unit&quot;:&quot;px&quot;,&quot;size&quot;:&quot;&quot;,&quot;sizes&quot;:[]}}\" data-widget_type=\"uael-image-gallery.default\">\n\t\t\t\t<div class=\"elementor-widget-container\">\n\t\t\t\t\t<div class=\"uael-gallery-parent uael-caption- uael-gallery-unjustified\"><div class=\"uael-img-gallery-wrap uael-img-masonry-wrap uael-img-grid-masonry-wrap uael-masonry uael-image-lightbox-wrap\" data-filter-default=\"All\" data-lightbox_actions=\"[&quot;close&quot;]\" data-lightbox-gallery-loop=\"\"><\/div><\/div>\t\t\t\t<\/div>\n\t\t\t\t<\/div>\n\t\t\t\t\t<\/div>\n\t\t<\/div>\n\t\t\t\t\t<\/div>\n\t\t<\/section>\n\t\t\t\t<\/div>","protected":false},"excerpt":{"rendered":"<p>Presentaci\u00f3n del Coro Samaniego Abesbatza El Coro Samaniego nace en 1977 de la mano de Antton Lete dentro de la apuesta m\u00fasico-coral del Colegio Samaniego de Vitoria-Gasteiz. Actualmente cuenta con 40 personas bajo la direcci\u00f3n de Nagore Alangua, quien tom\u00f3 el relevo a Arturo Goicoechea en septiembre de 2014 y \u00e9ste, a su vez, de &#8230; <a title=\"Historia\" class=\"read-more\" href=\"https:\/\/samaniego.org\/eu\/el-coro\/historia\/\" aria-label=\"Read more about Historia\">Read more<\/a><\/p>","protected":false},"author":1,"featured_media":0,"parent":72,"menu_order":0,"comment_status":"closed","ping_status":"closed","template":"","meta":{"footnotes":""},"class_list":["post-133","page","type-page","status-publish"],"_links":{"self":[{"href":"https:\/\/samaniego.org\/eu\/wp-json\/wp\/v2\/pages\/133","targetHints":{"allow":["GET"]}}],"collection":[{"href":"https:\/\/samaniego.org\/eu\/wp-json\/wp\/v2\/pages"}],"about":[{"href":"https:\/\/samaniego.org\/eu\/wp-json\/wp\/v2\/types\/page"}],"author":[{"embeddable":true,"href":"https:\/\/samaniego.org\/eu\/wp-json\/wp\/v2\/users\/1"}],"replies":[{"embeddable":true,"href":"https:\/\/samaniego.org\/eu\/wp-json\/wp\/v2\/comments?post=133"}],"version-history":[{"count":11,"href":"https:\/\/samaniego.org\/eu\/wp-json\/wp\/v2\/pages\/133\/revisions"}],"predecessor-version":[{"id":2346,"href":"https:\/\/samaniego.org\/eu\/wp-json\/wp\/v2\/pages\/133\/revisions\/2346"}],"up":[{"embeddable":true,"href":"https:\/\/samaniego.org\/eu\/wp-json\/wp\/v2\/pages\/72"}],"wp:attachment":[{"href":"https:\/\/samaniego.org\/eu\/wp-json\/wp\/v2\/media?parent=133"}],"curies":[{"name":"wp","href":"https:\/\/api.w.org\/{rel}","templated":true}]}}